{"id":83,"date":"2019-02-24T10:39:01","date_gmt":"2019-02-24T10:39:01","guid":{"rendered":"http:\/\/von-der-gehlenbieke.com\/?page_id=83"},"modified":"2019-02-24T10:41:25","modified_gmt":"2019-02-24T10:41:25","slug":"datenschutzerklaerung","status":"publish","type":"page","link":"http:\/\/von-der-gehlenbieke.com\/?page_id=83","title":{"rendered":"Datenschutzerkl\u00e4rung"},"content":{"rendered":"\n<p>Diese Datenschutzerkl\u00e4rung kl\u00e4rt Sie \u00fcber die \nArt, den Umfang und Zweck der Verarbeitung von personenbezogenen Daten \n(nachfolgend kurz \u201eDaten\u201c) innerhalb unseres Onlineangebotes und der mit\n ihm verbundenen Webseiten, Funktionen und Inhalte sowie externen \nOnlinepr\u00e4senzen, wie z.B. unser Social Media Profile auf (nachfolgend \ngemeinsam bezeichnet als \u201eOnlineangebot\u201c). Im Hinblick auf die \nverwendeten Begrifflichkeiten, wie z.B. \u201eVerarbeitung\u201c oder \n\u201eVerantwortlicher\u201c verweisen wir auf die Definitionen im Art. 4 der \nDatenschutzgrundverordnung (DSGVO).<\/p>\n\n\n\n<h3 id=\"dsg-general-controller\">Verantwortlicher<\/h3>\n\n\n\n<p>Helga Volkening<br><a href=\"mailto:norweger@von-der-gehlenbieke.de\">norweger@von-der-gehlenbieke.de<\/a><\/p>\n\n\n\n<h3 id=\"dsg-general-datatype\">Arten der verarbeiteten Daten:<\/h3>\n\n\n\n<ul><li>Bestandsdaten (z.B., Namen, Adressen).<\/li><li>Kontaktdaten (z.B., E-Mail, Telefonnummern).<\/li><li>Inhaltsdaten (z.B., Texteingaben, Fotografien, Videos).<\/li><li>Nutzungsdaten (z.B., besuchte Webseiten, Interesse an Inhalten, Zugriffszeiten).<\/li><li>Meta-\/Kommunikationsdaten (z.B., Ger\u00e4te-Informationen, IP-Adressen).<\/li><\/ul>\n\n\n\n<h3 id=\"dsg-general-datasubjects\">Kategorien betroffener Personen<\/h3>\n\n\n\n<p>Besucher und Nutzer des Onlineangebotes (Nachfolgend bezeichnen wir die betroffenen Personen zusammenfassend auch als \u201eNutzer\u201c).<\/p>\n\n\n\n<h3 id=\"dsg-general-purpose\">Zweck der Verarbeitung<\/h3>\n\n\n\n<ul><li>Zurverf\u00fcgungstellung des Onlineangebotes, seiner Funktionen und Inhalte.<\/li><li>Beantwortung von Kontaktanfragen und Kommunikation mit Nutzern.<\/li><li>Sicherheitsma\u00dfnahmen.<\/li><li>Reichweitenmessung\/Marketing<\/li><\/ul>\n\n\n\n<h3 id=\"dsg-general-terms\">Verwendete Begrifflichkeiten<\/h3>\n\n\n\n<p>\u201ePersonenbezogene Daten\u201c sind alle Informationen, die sich auf eine \nidentifizierte oder identifizierbare nat\u00fcrliche Person (im Folgenden \n\u201ebetroffene Person\u201c) beziehen; als identifizierbar wird eine nat\u00fcrliche \nPerson angesehen, die direkt oder indirekt, insbesondere mittels \nZuordnung zu einer Kennung wie einem Namen, zu einer Kennnummer, zu \nStandortdaten, zu einer Online-Kennung (z.B. Cookie) oder zu einem oder \nmehreren besonderen Merkmalen identifiziert werden kann, die Ausdruck \nder physischen, physiologischen, genetischen, psychischen, \nwirtschaftlichen, kulturellen oder sozialen Identit\u00e4t dieser nat\u00fcrlichen\n Person sind.<\/p>\n\n\n\n<p>\u201eVerarbeitung\u201c ist jeder mit oder ohne Hilfe automatisierter \nVerfahren ausgef\u00fchrte Vorgang oder jede solche Vorgangsreihe im \nZusammenhang mit personenbezogenen Daten. Der Begriff reicht weit und \numfasst praktisch jeden Umgang mit Daten.<\/p>\n\n\n\n<p>\u201ePseudonymisierung\u201c die Verarbeitung personenbezogener Daten in einer\n Weise, dass die personenbezogenen Daten ohne Hinzuziehung zus\u00e4tzlicher \nInformationen nicht mehr einer spezifischen betroffenen Person \nzugeordnet werden k\u00f6nnen, sofern diese zus\u00e4tzlichen Informationen \ngesondert aufbewahrt werden und technischen und organisatorischen \nMa\u00dfnahmen unterliegen, die gew\u00e4hrleisten, dass die personenbezogenen \nDaten nicht einer identifizierten oder identifizierbaren nat\u00fcrlichen \nPerson zugewiesen werden.<\/p>\n\n\n\n<p>\u201eProfiling\u201c jede Art der automatisierten Verarbeitung \npersonenbezogener Daten, die darin besteht, dass diese personenbezogenen\n Daten verwendet werden, um bestimmte pers\u00f6nliche Aspekte, die sich auf \neine nat\u00fcrliche Person beziehen, zu bewerten, insbesondere um Aspekte \nbez\u00fcglich Arbeitsleistung, wirtschaftliche Lage, Gesundheit, pers\u00f6nliche\n Vorlieben, Interessen, Zuverl\u00e4ssigkeit, Verhalten, Aufenthaltsort oder \nOrtswechsel dieser nat\u00fcrlichen Person zu analysieren oder vorherzusagen.<\/p>\n\n\n\n<p>Als \u201eVerantwortlicher\u201c wird die nat\u00fcrliche oder juristische Person, \nBeh\u00f6rde, Einrichtung oder andere Stelle, die allein oder gemeinsam mit \nanderen \u00fcber die Zwecke und Mittel der Verarbeitung von \npersonenbezogenen Daten entscheidet, bezeichnet.<\/p>\n\n\n\n<p>\u201eAuftragsverarbeiter\u201c eine nat\u00fcrliche oder juristische Person, \nBeh\u00f6rde, Einrichtung oder andere Stelle, die personenbezogene Daten im \nAuftrag des Verantwortlichen verarbeitet.<\/p>\n\n\n\n<h3 id=\"dsg-general-legalbasis\">Ma\u00dfgebliche Rechtsgrundlagen<\/h3>\n\n\n\n<p>Nach Ma\u00dfgabe des Art. 13 DSGVO teilen wir Ihnen die Rechtsgrundlagen \nunserer Datenverarbeitungen mit. Sofern die Rechtsgrundlage in der \nDatenschutzerkl\u00e4rung nicht genannt wird, gilt Folgendes: Die \nRechtsgrundlage f\u00fcr die Einholung von Einwilligungen ist Art. 6 Abs. 1 \nlit. a und Art. 7 DSGVO, die Rechtsgrundlage f\u00fcr die Verarbeitung zur \nErf\u00fcllung unserer Leistungen und Durchf\u00fchrung vertraglicher Ma\u00dfnahmen \nsowie Beantwortung von Anfragen ist Art. 6 Abs. 1 lit. b DSGVO, die \nRechtsgrundlage f\u00fcr die Verarbeitung zur Erf\u00fcllung unserer rechtlichen \nVerpflichtungen ist Art. 6 Abs. 1 lit. c DSGVO, und die Rechtsgrundlage \nf\u00fcr die Verarbeitung zur Wahrung unserer berechtigten Interessen ist \nArt. 6 Abs. 1 lit. f DSGVO. F\u00fcr den Fall, dass lebenswichtige Interessen\n der betroffenen Person oder einer anderen nat\u00fcrlichen Person eine \nVerarbeitung personenbezogener Daten erforderlich machen, dient Art. 6 \nAbs. 1 lit. d DSGVO als Rechtsgrundlage.<\/p>\n\n\n\n<h3 id=\"dsg-general-securitymeasures\">Sicherheitsma\u00dfnahmen<\/h3>\n\n\n\n<p>Wir treffen nach Ma\u00dfgabe des Art. 32 DSGVO unter Ber\u00fccksichtigung des\n Stands der Technik, der Implementierungskosten und der Art, des \nUmfangs, der Umst\u00e4nde und der Zwecke der Verarbeitung sowie der \nunterschiedlichen Eintrittswahrscheinlichkeit und Schwere des Risikos \nf\u00fcr die Rechte und Freiheiten nat\u00fcrlicher Personen, geeignete technische\n und organisatorische Ma\u00dfnahmen, um ein dem Risiko angemessenes \nSchutzniveau zu gew\u00e4hrleisten.<\/p>\n\n\n\n<p>Zu den Ma\u00dfnahmen geh\u00f6ren insbesondere die Sicherung der \nVertraulichkeit, Integrit\u00e4t und Verf\u00fcgbarkeit von Daten durch Kontrolle \ndes physischen Zugangs zu den Daten, als auch des sie betreffenden \nZugriffs, der Eingabe, Weitergabe, der Sicherung der Verf\u00fcgbarkeit und \nihrer Trennung. Des Weiteren haben wir Verfahren eingerichtet, die eine \nWahrnehmung von Betroffenenrechten, L\u00f6schung von Daten und Reaktion auf \nGef\u00e4hrdung der Daten gew\u00e4hrleisten. Ferner ber\u00fccksichtigen wir den \nSchutz personenbezogener Daten bereits bei der Entwicklung, bzw. Auswahl\n von Hardware, Software sowie Verfahren, entsprechend dem Prinzip des \nDatenschutzes durch Technikgestaltung und durch datenschutzfreundliche \nVoreinstellungen (Art. 25 DSGVO).<\/p>\n\n\n\n<h3 id=\"dsg-general-coprocessing\">Zusammenarbeit mit Auftragsverarbeitern und Dritten<\/h3>\n\n\n\n<p>Sofern wir im Rahmen unserer Verarbeitung Daten gegen\u00fcber anderen \nPersonen und Unternehmen (Auftragsverarbeitern oder Dritten) offenbaren,\n sie an diese \u00fcbermitteln oder ihnen sonst Zugriff auf die Daten \ngew\u00e4hren, erfolgt dies nur auf Grundlage einer gesetzlichen Erlaubnis \n(z.B. wenn eine \u00dcbermittlung der Daten an Dritte, wie an \nZahlungsdienstleister, gem. Art. 6 Abs. 1 lit. b DSGVO zur \nVertragserf\u00fcllung erforderlich ist), Sie eingewilligt haben, eine \nrechtliche Verpflichtung dies vorsieht oder auf Grundlage unserer \nberechtigten Interessen (z.B. beim Einsatz von Beauftragten, Webhostern,\n etc.).<\/p>\n\n\n\n<p>Sofern wir Dritte mit der Verarbeitung von Daten auf Grundlage eines \nsog. \u201eAuftragsverarbeitungsvertrages\u201c beauftragen, geschieht dies auf \nGrundlage des Art. 28 DSGVO.<\/p>\n\n\n\n<h3 id=\"dsg-general-thirdparty\">\u00dcbermittlungen in Drittl\u00e4nder<\/h3>\n\n\n\n<p>Sofern wir Daten in einem Drittland (d.h. au\u00dferhalb der Europ\u00e4ischen \nUnion (EU) oder des Europ\u00e4ischen Wirtschaftsraums (EWR)) verarbeiten \noder dies im Rahmen der Inanspruchnahme von Diensten Dritter oder \nOffenlegung, bzw. \u00dcbermittlung von Daten an Dritte geschieht, erfolgt \ndies nur, wenn es zur Erf\u00fcllung unserer (vor)vertraglichen Pflichten, \nauf Grundlage Ihrer Einwilligung, aufgrund einer rechtlichen \nVerpflichtung oder auf Grundlage unserer berechtigten Interessen \ngeschieht. Vorbehaltlich gesetzlicher oder vertraglicher Erlaubnisse, \nverarbeiten oder lassen wir die Daten in einem Drittland nur beim \nVorliegen der besonderen Voraussetzungen der Art. 44 ff. DSGVO \nverarbeiten. D.h. die Verarbeitung erfolgt z.B. auf Grundlage besonderer\n Garantien, wie der offiziell anerkannten Feststellung eines der EU \nentsprechenden Datenschutzniveaus (z.B. f\u00fcr die USA durch das \u201ePrivacy \nShield\u201c) oder Beachtung offiziell anerkannter spezieller vertraglicher \nVerpflichtungen (so genannte \u201eStandardvertragsklauseln\u201c).<\/p>\n\n\n\n<h3 id=\"dsg-general-rightssubject\">Rechte der betroffenen Personen<\/h3>\n\n\n\n<p>Sie haben das Recht, eine Best\u00e4tigung dar\u00fcber zu verlangen, ob \nbetreffende Daten verarbeitet werden und auf Auskunft \u00fcber diese Daten \nsowie auf weitere Informationen und Kopie der Daten entsprechend Art. 15\n DSGVO.<\/p>\n\n\n\n<p>Sie haben entsprechend. Art. 16 DSGVO das Recht, die \nVervollst\u00e4ndigung der Sie betreffenden Daten oder die Berichtigung der \nSie betreffenden unrichtigen Daten zu verlangen.<\/p>\n\n\n\n<p>Sie haben nach Ma\u00dfgabe des Art. 17 DSGVO das Recht zu verlangen, dass\n betreffende Daten unverz\u00fcglich gel\u00f6scht werden, bzw. alternativ nach \nMa\u00dfgabe des Art. 18 DSGVO eine Einschr\u00e4nkung der Verarbeitung der Daten \nzu verlangen.<\/p>\n\n\n\n<p>Sie haben das Recht zu verlangen, dass die Sie betreffenden Daten, \ndie Sie uns bereitgestellt haben nach Ma\u00dfgabe des Art. 20 DSGVO zu \nerhalten und deren \u00dcbermittlung an andere Verantwortliche zu fordern.<\/p>\n\n\n\n<p>Sie haben ferner gem. Art. 77 DSGVO das Recht, eine Beschwerde bei der zust\u00e4ndigen Aufsichtsbeh\u00f6rde einzureichen.<\/p>\n\n\n\n<h3 id=\"dsg-general-revokeconsent\">Widerrufsrecht<\/h3>\n\n\n\n<p>Sie haben das Recht, erteilte Einwilligungen gem. Art. 7 Abs. 3 DSGVO mit Wirkung f\u00fcr die Zukunft zu widerrufen<\/p>\n\n\n\n<h3 id=\"dsg-general-object\">Widerspruchsrecht<\/h3>\n\n\n\n<p>Sie k\u00f6nnen der k\u00fcnftigen Verarbeitung der Sie betreffenden Daten nach\n Ma\u00dfgabe des Art. 21 DSGVO jederzeit widersprechen. Der Widerspruch kann\n insbesondere gegen die Verarbeitung f\u00fcr Zwecke der Direktwerbung \nerfolgen.<\/p>\n\n\n\n<h3 id=\"dsg-general-cookies\">Cookies und Widerspruchsrecht bei Direktwerbung<\/h3>\n\n\n\n<p>Als \u201eCookies\u201c werden kleine Dateien bezeichnet, die auf Rechnern der \nNutzer gespeichert werden. Innerhalb der Cookies k\u00f6nnen unterschiedliche\n Angaben gespeichert werden. Ein Cookie dient prim\u00e4r dazu, die Angaben \nzu einem Nutzer (bzw. dem Ger\u00e4t auf dem das Cookie gespeichert ist) \nw\u00e4hrend oder auch nach seinem Besuch innerhalb eines Onlineangebotes zu \nspeichern. Als tempor\u00e4re Cookies, bzw. \u201eSession-Cookies\u201c oder \n\u201etransiente Cookies\u201c, werden Cookies bezeichnet, die gel\u00f6scht werden, \nnachdem ein Nutzer ein Onlineangebot verl\u00e4sst und seinen Browser \nschlie\u00dft. In einem solchen Cookie kann z.B. der Inhalt eines Warenkorbs \nin einem Onlineshop oder ein Login-Status gespeichert werden. Als \n\u201epermanent\u201c oder \u201epersistent\u201c werden Cookies bezeichnet, die auch nach \ndem Schlie\u00dfen des Browsers gespeichert bleiben. So kann z.B. der \nLogin-Status gespeichert werden, wenn die Nutzer diese nach mehreren \nTagen aufsuchen. Ebenso k\u00f6nnen in einem solchen Cookie die Interessen \nder Nutzer gespeichert werden, die f\u00fcr Reichweitenmessung oder \nMarketingzwecke verwendet werden. Als \u201eThird-Party-Cookie\u201c werden \nCookies bezeichnet, die von anderen Anbietern als dem Verantwortlichen, \nder das Onlineangebot betreibt, angeboten werden (andernfalls, wenn es \nnur dessen Cookies sind spricht man von \u201eFirst-Party Cookies\u201c).<\/p>\n\n\n\n<p>Wir k\u00f6nnen tempor\u00e4re und permanente Cookies einsetzen und kl\u00e4ren hier\u00fcber im Rahmen unserer Datenschutzerkl\u00e4rung auf.<\/p>\n\n\n\n<p>Falls die Nutzer nicht m\u00f6chten, dass Cookies auf ihrem Rechner \ngespeichert werden, werden sie gebeten die entsprechende Option in den \nSystemeinstellungen ihres Browsers zu deaktivieren. Gespeicherte Cookies\n k\u00f6nnen in den Systemeinstellungen des Browsers gel\u00f6scht werden. Der \nAusschluss von Cookies kann zu Funktionseinschr\u00e4nkungen dieses \nOnlineangebotes f\u00fchren.<\/p>\n\n\n\n<p>Ein genereller Widerspruch gegen den Einsatz der zu Zwecken des \nOnlinemarketing eingesetzten Cookies kann bei einer Vielzahl der \nDienste, vor allem im Fall des Trackings, \u00fcber die US-amerikanische \nSeite <a href=\"http:\/\/www.aboutads.info\/choices\/\">http:\/\/www.aboutads.info\/choices\/<\/a> oder die EU-Seite <a href=\"http:\/\/www.youronlinechoices.com\/\">http:\/\/www.youronlinechoices.com\/<\/a>\n erkl\u00e4rt werden. Des Weiteren kann die Speicherung von Cookies mittels \nderen Abschaltung in den Einstellungen des Browsers erreicht werden. \nBitte beachten Sie, dass dann gegebenenfalls nicht alle Funktionen \ndieses Onlineangebotes genutzt werden k\u00f6nnen.<\/p>\n\n\n\n<h3 id=\"dsg-general-erasure\">L\u00f6schung von Daten<\/h3>\n\n\n\n<p>Die von uns verarbeiteten Daten werden nach Ma\u00dfgabe der Art. 17 und \n18 DSGVO gel\u00f6scht oder in ihrer Verarbeitung eingeschr\u00e4nkt. Sofern nicht\n im Rahmen dieser Datenschutzerkl\u00e4rung ausdr\u00fccklich angegeben, werden \ndie bei uns gespeicherten Daten gel\u00f6scht, sobald sie f\u00fcr ihre \nZweckbestimmung nicht mehr erforderlich sind und der L\u00f6schung keine \ngesetzlichen Aufbewahrungspflichten entgegenstehen. Sofern die Daten \nnicht gel\u00f6scht werden, weil sie f\u00fcr andere und gesetzlich zul\u00e4ssige \nZwecke erforderlich sind, wird deren Verarbeitung eingeschr\u00e4nkt. D.h. \ndie Daten werden gesperrt und nicht f\u00fcr andere Zwecke verarbeitet. Das \ngilt z.B. f\u00fcr Daten, die aus handels- oder steuerrechtlichen Gr\u00fcnden \naufbewahrt werden m\u00fcssen.<\/p>\n\n\n\n<p>Nach gesetzlichen Vorgaben in Deutschland, erfolgt die Aufbewahrung \ninsbesondere f\u00fcr 10 Jahre gem\u00e4\u00df \u00a7\u00a7 147 Abs. 1 AO, 257 Abs. 1 Nr. 1 und \n4, Abs. 4 HGB (B\u00fccher, Aufzeichnungen, Lageberichte, Buchungsbelege, \nHandelsb\u00fccher, f\u00fcr Besteuerung relevanter Unterlagen, etc.) und 6 Jahre \ngem\u00e4\u00df \u00a7 257 Abs. 1 Nr. 2 und 3, Abs. 4 HGB (Handelsbriefe).<\/p>\n\n\n\n<p>Nach gesetzlichen Vorgaben in \u00d6sterreich erfolgt die Aufbewahrung \ninsbesondere f\u00fcr 7 J gem\u00e4\u00df \u00a7 132 Abs. 1 BAO (Buchhaltungsunterlagen, \nBelege\/Rechnungen, Konten, Belege, Gesch\u00e4ftspapiere, Aufstellung der \nEinnahmen und Ausgaben, etc.), f\u00fcr 22 Jahre im Zusammenhang mit \nGrundst\u00fccken und f\u00fcr 10 Jahre bei Unterlagen im Zusammenhang mit \nelektronisch erbrachten Leistungen, Telekommunikations-, Rundfunk- und \nFernsehleistungen, die an Nichtunternehmer in EU-Mitgliedstaaten \nerbracht werden und f\u00fcr die der Mini-One-Stop-Shop (MOSS) in Anspruch \ngenommen wird.<\/p>\n\n\n\n<h3 id=\"dsg-organisation\">Erbringung unserer satzungs- und gesch\u00e4ftsgem\u00e4\u00dfen Leistungen<\/h3>\n\n\n\n<p>Wir verarbeiten die Daten unserer \nMitglieder, Unterst\u00fctzer, Interessenten, Kunden oder sonstiger Personen \nentsprechend Art. 6 Abs. 1 lit. b. DSGVO, sofern wir ihnen gegen\u00fcber \nvertragliche Leistungen anbieten oder im Rahmen bestehender \ngesch\u00e4ftlicher Beziehung, z.B. gegen\u00fcber Mitgliedern, t\u00e4tig werden oder \nselbst Empf\u00e4nger von Leistungen und Zuwendungen sind. Im \u00dcbrigen \nverarbeiten wir die Daten betroffener Personen gem. Art. 6 Abs. 1 lit. \nf. DSGVO auf Grundlage unserer berechtigten Interessen, z.B. wenn es \nsich um administrative Aufgaben oder \u00d6ffentlichkeitsarbeit handelt.<\/p>\n\n\n\n<p>Die hierbei verarbeiteten Daten, die Art, der Umfang und der Zweck \nund die Erforderlichkeit ihrer Verarbeitung bestimmen sich nach dem \nzugrundeliegenden Vertragsverh\u00e4ltnis. Dazu geh\u00f6ren grunds\u00e4tzlich \nBestands- und Stammdaten der Personen (z.B., Name, Adresse, etc.), als \nauch die Kontaktdaten (z.B., E-Mailadresse, Telefon, etc.), die \nVertragsdaten (z.B., in Anspruch genommene Leistungen, mitgeteilte \nInhalte und Informationen, Namen von Kontaktpersonen) und sofern wir \nzahlungspflichtige Leistungen oder Produkte anbieten, Zahlungsdaten \n(z.B., Bankverbindung, Zahlungshistorie, etc.).<\/p>\n\n\n\n<p>Wir l\u00f6schen Daten, die zur Erbringung unserer satzungs- und \ngesch\u00e4ftsm\u00e4\u00dfigen Zwecke nicht mehr erforderlich sind. Dies bestimmt sich\n entsprechend der jeweiligen Aufgaben und vertraglichen Beziehungen. Im \nFall gesch\u00e4ftlicher Verarbeitung bewahren wir die Daten so lange auf, \nwie sie zur Gesch\u00e4ftsabwicklung, als auch im Hinblick auf etwaige \nGew\u00e4hrleistungs- oder Haftungspflichten relevant sein k\u00f6nnen. Die \nErforderlichkeit der Aufbewahrung der Daten wird alle drei Jahre \n\u00fcberpr\u00fcft; im \u00dcbrigen gelten die gesetzlichen Aufbewahrungspflichten.<\/p>\n\n\n\n<h3 id=\"dsg-contact\">Kontaktaufnahme<\/h3>\n\n\n\n<p>Bei der Kontaktaufnahme mit uns (z.B.\n per Kontaktformular, E-Mail, Telefon oder via sozialer Medien) werden \ndie Angaben des Nutzers zur Bearbeitung der Kontaktanfrage und deren \nAbwicklung gem. Art. 6 Abs. 1 lit. b. (im Rahmen \nvertraglicher-\/vorvertraglicher Beziehungen), Art. 6 Abs. 1 lit. f. \n(andere Anfragen) DSGVO verarbeitet.. Die Angaben der Nutzer k\u00f6nnen in \neinem Customer-Relationship-Management System (\u201eCRM System\u201c) oder \nvergleichbarer Anfragenorganisation gespeichert werden.<\/p>\n\n\n\n<p>Wir l\u00f6schen die Anfragen, sofern diese nicht mehr erforderlich sind. \nWir \u00fcberpr\u00fcfen die Erforderlichkeit alle zwei Jahre; Ferner gelten die \ngesetzlichen Archivierungspflichten.<\/p>\n\n\n\n<h3 id=\"dsg-logfiles\">Erhebung von Zugriffsdaten und Logfiles<\/h3>\n\n\n\n<p>Wir, bzw. unser Hostinganbieter, \nerhebt auf Grundlage unserer berechtigten Interessen im Sinne des Art. 6\n Abs. 1 lit. f. DSGVO Daten \u00fcber jeden Zugriff auf den Server, auf dem \nsich dieser Dienst befindet (sogenannte Serverlogfiles). Zu den \nZugriffsdaten geh\u00f6ren Name der abgerufenen Webseite, Datei, Datum und \nUhrzeit des Abrufs, \u00fcbertragene Datenmenge, Meldung \u00fcber erfolgreichen \nAbruf, Browsertyp nebst Version, das Betriebssystem des Nutzers, \nReferrer URL (die zuvor besuchte Seite), IP-Adresse und der anfragende \nProvider.<\/p>\n\n\n\n<p>Logfile-Informationen werden aus Sicherheitsgr\u00fcnden (z.B. zur \nAufkl\u00e4rung von Missbrauchs- oder Betrugshandlungen) f\u00fcr die Dauer von \nmaximal 7 Tagen gespeichert und danach gel\u00f6scht. Daten, deren weitere \nAufbewahrung zu Beweiszwecken erforderlich ist, sind bis zur endg\u00fcltigen\n Kl\u00e4rung des jeweiligen Vorfalls von der L\u00f6schung ausgenommen.<\/p>\n\n\n\n<p><a href=\"https:\/\/datenschutz-generator.de\/\" target=\"_blank\" rel=\"noreferrer noopener\">Erstellt mit Datenschutz-Generator.de von RA Dr. Thomas Schwenke<\/a><\/p>\n","protected":false},"excerpt":{"rendered":"<p>Diese Datenschutzerkl\u00e4rung kl\u00e4rt Sie \u00fcber die Art, den Umfang und Zweck der Verarbeitung von personenbezogenen Daten (nachfolgend kurz \u201eDaten\u201c) innerhalb&hellip; <a class=\"read-more\" href=\"http:\/\/von-der-gehlenbieke.com\/?page_id=83\">Continue Reading<\/a><\/p>\n","protected":false},"author":1,"featured_media":0,"parent":0,"menu_order":0,"comment_status":"closed","ping_status":"closed","template":"","meta":[],"_links":{"self":[{"href":"http:\/\/von-der-gehlenbieke.com\/index.php?rest_route=\/wp\/v2\/pages\/83"}],"collection":[{"href":"http:\/\/von-der-gehlenbieke.com\/index.php?rest_route=\/wp\/v2\/pages"}],"about":[{"href":"http:\/\/von-der-gehlenbieke.com\/index.php?rest_route=\/wp\/v2\/types\/page"}],"author":[{"embeddable":true,"href":"http:\/\/von-der-gehlenbieke.com\/index.php?rest_route=\/wp\/v2\/users\/1"}],"replies":[{"embeddable":true,"href":"http:\/\/von-der-gehlenbieke.com\/index.php?rest_route=%2Fwp%2Fv2%2Fcomments&post=83"}],"version-history":[{"count":2,"href":"http:\/\/von-der-gehlenbieke.com\/index.php?rest_route=\/wp\/v2\/pages\/83\/revisions"}],"predecessor-version":[{"id":87,"href":"http:\/\/von-der-gehlenbieke.com\/index.php?rest_route=\/wp\/v2\/pages\/83\/revisions\/87"}],"wp:attachment":[{"href":"http:\/\/von-der-gehlenbieke.com\/index.php?rest_route=%2Fwp%2Fv2%2Fmedia&parent=83"}],"curies":[{"name":"wp","href":"https:\/\/api.w.org\/{rel}","templated":true}]}}