{"id":25,"date":"2019-02-23T15:13:20","date_gmt":"2019-02-23T15:13:20","guid":{"rendered":"http:\/\/von-der-gehlenbieke.com\/?page_id=25"},"modified":"2025-10-21T07:42:51","modified_gmt":"2025-10-21T07:42:51","slug":"herzlich-willkommen-bei-den-norwegischen-waldkatzen-von-der-gehlen-bieke","status":"publish","type":"page","link":"http:\/\/von-der-gehlenbieke.com\/","title":{"rendered":"Herzlich willkommen in unserer kleinen Hobbyzucht Norwegischer Waldkatzen!"},"content":{"rendered":"\n<p class=\"has-text-align-center\"><strong>Mein Schwerpunkt lag von Zuchtbeginn auf der Farbe amber, die es so nur bei der Rasse Norwegische Waldkatzen gibt.<\/strong><br>Ich liebe alle amber Varianten mit\/ohne silber und wei\u00df &#8211; amber carrier &#8211; typvolle Norweger aus den alten Linien mit viel Fell und Gr\u00f6\u00dfe.<\/p>\n\n\n\n<hr class=\"wp-block-separator\"\/>\n\n\n\n<p class=\"has-text-align-center\">Wir w\u00fcnschen Ihnen eine angenehme und informative Zeit beim Durchst\u00f6bern unserer Homepage.<br>F\u00fcr verlorene Herzen \u00fcbernehmen wir keine Haftung.&nbsp;<br>Viel Spa\u00df<\/p>\n\n\n\n<hr class=\"wp-block-separator\"\/>\n\n\n\n<p class=\"has-text-align-center\"><strong><strong>\u00dcber 20 Jahre&nbsp;Norwegische Waldkatzen Amber Zucht \u201evon der Gehlen Bieke\u201c<\/strong><br><\/strong>Nach vielen Jahren mit wei\u00dfen NFO als Liebhaberkatzen, habe ich den Entschlu\u00df gefa\u00dft, diese wundersch\u00f6nen und menschenbezogenen Katzen zu z\u00fcchten.&nbsp;Im Januar 2002 habe ich beim 1. DEKZV e.V.\/FIF\u00e9 meine Zucht registrieren lassen und der 1. Wurf wurde Anfang Juni 2002 geboren. Gleich zu Anfang habe ich mit allen Farben gez\u00fcchtet, die in der FIF\u00e9 anerkannt sind, inklusive der damals noch nicht anerkannten Farben amber, amber light und amber smoke!<br>Nach der&nbsp;<strong>\u201eFIF\u00e9-Anerkennungsshow f\u00fcr die Farbe amber 2004 in Portugal\u201c<\/strong> sind meine Kitten in der Farbe amber zu Z\u00fcchtern und in Liebhaberhaushalte gezogen und leben in Argentinien, Finnland, Italien, Niederlande Polen, Schweden und quer durch Deutschland. Nach langer Suche habe ich eine wei\u00dfe Norwegerin f\u00fcr die Zucht gefunden, die blaue Augen hat und amber tr\u00e4gt!&nbsp;Sie lebt bei mir als Urgro\u00dfmutter mehrerer Urenkel und Enkel, sie l\u00e4\u00dft die Babys an ihren Zitzen nuckeln und putzt sie mit Hingabe.&nbsp;W\u00fcrfe mit 7 Babys und 1 Baby, Kitten mit blue und odded eyes sind geboren und ich hatte sogar einen Wurf mit frosted Kitten.<\/p>\n\n\n\n<hr class=\"wp-block-separator\"\/>\n\n\n\n<a href=\"http:\/\/free-website-translation.com\/?de\" id=\"ftwtranslation_button\" hreflang=\"de\" title=\"\" style=\"border:0;\"><img src=\"http:\/\/free-website-translation.com\/img\/fwt_button_en.gif\" id=\"ftwtranslation_image\" alt=\"Website \u00dcbersetzung\" style=\"border:0;\"><\/a> <script type=\"text\/javascript\" src=\"http:\/\/free-website-translation.com\/scripts\/fwt.js\"><\/script>\n\n\n\n<hr class=\"wp-block-separator\"\/>\n\n\n\n<p>Seit 2002 sind wir eine liebevolle, famili\u00e4re Hobbyzucht der Norwegischen Waldkatzen im n\u00f6rdlichsten Zipfel von NRW und wir haben es uns zur Aufgabe gemacht, das wundervolle Wesen und Erscheinungsbild dieser Katzenrasse in allen bei der FIF\u00e9 erlaubten Farben bekannt zu machen.&nbsp;<\/p>\n\n\n\n<p>Unsere Katze Alisea wurde als erste Norwegische Waldkatze in der damals sehr seltenen Farbe amber nach Buenos Aires \/ Argentinien exportiert, weitere Zuchtkatzen in dieser Farbe folgten in andere L\u00e4nder wie Finnland, Italien, Polen und quer durch Deutschland. Mittlerweile hat sich diese Farbe auch bei den Z\u00fcchtern etabliert, die mich damals auf den Internationalen Katzen-Ausstellungen am liebsten disqualifiziert gesehen h\u00e4tten, weil sie meinten, ich habe Mischlinge mit zur Ausstellung gebracht. So \u00e4ndern sich die Zeiten, mittlerweile m\u00f6chte jeder Z\u00fcchter diese Farbe haben!<br><br>Sollten Sie Fragen zu meinen Katzen, der Zucht, den Norwegischen Waldkatzen im Allgemeinen oder anderen Beweggr\u00fcnden haben,&nbsp; sprechen Sie mich bitte an.&nbsp;<br>M\u00f6glichkeiten hierzu finden Sie auf der Seite&nbsp;<a href=\"http:\/\/von-der-gehlenbieke.com\/?page_id=45\">Kontakt<\/a>.&nbsp;<\/p>\n\n\n\n<hr class=\"wp-block-separator\"\/>\n\n\n\n<blockquote class=\"wp-block-quote has-text-align-center\"><p>Wir sind Mitglied im:<\/p><\/blockquote>\n\n\n\n<div class=\"wp-block-columns has-2-columns\">\n<div class=\"wp-block-column\">\n<div class=\"wp-block-image\"><figure class=\"alignright\"><a href=\"http:\/\/www.dekzv.de\/\" target=\"_blank\" rel=\"noreferrer noopener\"><img loading=\"lazy\" width=\"100\" height=\"95\" src=\"http:\/\/von-der-gehlenbieke.com\/wp-content\/uploads\/2019\/06\/dekzv.gif\" alt=\"\" class=\"wp-image-412\"\/><\/a><\/figure><\/div>\n\n\n\n<p><\/p>\n<\/div>\n\n\n\n<div class=\"wp-block-column\">\n<div class=\"wp-block-image\"><figure class=\"alignleft\"><a href=\"http:\/\/www.fifeweb.org\/\" target=\"_blank\" rel=\"noreferrer noopener\"><img loading=\"lazy\" width=\"70\" height=\"70\" src=\"http:\/\/von-der-gehlenbieke.com\/wp-content\/uploads\/2019\/06\/fife.gif\" alt=\"\" class=\"wp-image-413\"\/><\/a><\/figure><\/div>\n\n\n\n<p><\/p>\n<\/div>\n<\/div>\n\n\n\n<hr class=\"wp-block-separator\"\/>\n\n\n\n<p>Unsere Kitten m\u00fcssen pers\u00f6nlich bei uns abgeholt werden, ich m\u00f6chte die zuk\u00fcnftigen Besitzer kennenlernen.<\/p>\n\n\n\n<p>Wenn Sie ein K\u00e4tzchen verbindlich buchen, wird eine Reservierungsgeb\u00fchr f\u00e4llig, die nicht zur\u00fcck gezahlt wird, wenn Sie vom Kauf zur\u00fccktreten.<\/p>\n\n\n\n<p><\/p>\n\n\n\n<hr class=\"wp-block-separator\"\/>\n","protected":false},"excerpt":{"rendered":"<p>Mein Schwerpunkt lag von Zuchtbeginn auf der Farbe amber, die es so nur bei der Rasse Norwegische Waldkatzen gibt.Ich liebe&hellip; <a class=\"read-more\" href=\"http:\/\/von-der-gehlenbieke.com\/\">Continue Reading<\/a><\/p>\n","protected":false},"author":1,"featured_media":0,"parent":0,"menu_order":0,"comment_status":"closed","ping_status":"closed","template":"","meta":[],"_links":{"self":[{"href":"http:\/\/von-der-gehlenbieke.com\/index.php?rest_route=\/wp\/v2\/pages\/25"}],"collection":[{"href":"http:\/\/von-der-gehlenbieke.com\/index.php?rest_route=\/wp\/v2\/pages"}],"about":[{"href":"http:\/\/von-der-gehlenbieke.com\/index.php?rest_route=\/wp\/v2\/types\/page"}],"author":[{"embeddable":true,"href":"http:\/\/von-der-gehlenbieke.com\/index.php?rest_route=\/wp\/v2\/users\/1"}],"replies":[{"embeddable":true,"href":"http:\/\/von-der-gehlenbieke.com\/index.php?rest_route=%2Fwp%2Fv2%2Fcomments&post=25"}],"version-history":[{"count":84,"href":"http:\/\/von-der-gehlenbieke.com\/index.php?rest_route=\/wp\/v2\/pages\/25\/revisions"}],"predecessor-version":[{"id":3050,"href":"http:\/\/von-der-gehlenbieke.com\/index.php?rest_route=\/wp\/v2\/pages\/25\/revisions\/3050"}],"wp:attachment":[{"href":"http:\/\/von-der-gehlenbieke.com\/index.php?rest_route=%2Fwp%2Fv2%2Fmedia&parent=25"}],"curies":[{"name":"wp","href":"https:\/\/api.w.org\/{rel}","templated":true}]}}